{"id":10655,"date":"2023-02-01T13:59:21","date_gmt":"2023-02-01T13:59:21","guid":{"rendered":"https:\/\/www.muething.com\/a-savoir\/culture-intermediaire\/"},"modified":"2024-07-10T13:10:47","modified_gmt":"2024-07-10T13:10:47","slug":"culture-intermediaire","status":"publish","type":"page","link":"https:\/\/www.muething.com\/fr\/a-savoir\/culture-intermediaire\/","title":{"rendered":"Culture interm\u00e9diaire"},"content":{"rendered":"\n<div style=\"height:220px\" aria-hidden=\"true\" class=\"wp-block-spacer wissenswertes_abstandOben\"><\/div>\n\n\n\n<div class=\"wp-block-columns alignfull home_wissensSektion no_marginBottom has-contrast-2-background-color has-background is-layout-flex wp-container-core-columns-is-layout-9d6595d7 wp-block-columns-is-layout-flex\" id=\"wissenswertes_zwischenfrucht\">\n<div class=\"wp-block-column is-layout-flow wp-block-column-is-layout-flow\">\n<div class=\"wp-block-columns alignfull vollbild-HG is-layout-flex wp-container-core-columns-is-layout-9d6595d7 wp-block-columns-is-layout-flex\">\n<div class=\"wp-block-column backgroundGradient_darken is-layout-flow wp-block-column-is-layout-flow\">\n<div class=\"wp-block-columns layoutZweispaltig_containedInFullwidth is-layout-flex wp-container-core-columns-is-layout-9d6595d7 wp-block-columns-is-layout-flex\">\n<div class=\"wp-block-column is-layout-flow wp-block-column-is-layout-flow\" style=\"flex-basis:95%\">\n<h1 class=\"quoteTitle white-font\"><span class=\"quoteLine1 quoteline-light\">\u00ab\u00a0Apport de mati\u00e8res organiques naturelles <br\/><\/span><span class=\"quoteLine2 quoteline-bold\" id=\"quote-zwischenfrucht\">gr\u00e2ce \u00e0 la culture interm\u00e9diaire<br\/><\/span><span class=\"quoteLine2 quoteline-bold\">en tant que banque de nutriments\u00a0\u00bb<\/span><\/h1>\n<\/div>\n\n\n\n<div class=\"wp-block-column themen-ueberblick_container is-layout-flow wp-block-column-is-layout-flow\">\n<div class=\"wp-block-columns headline-container is-layout-flex wp-container-core-columns-is-layout-9d6595d7 wp-block-columns-is-layout-flex\">\n<div class=\"wp-block-column is-layout-flow wp-block-column-is-layout-flow\">\n\n\n<div class=\"themenUeberblick\">\n\n<\/div>\n<\/div>\n<\/div>\n<\/div>\n<\/div>\n<\/div>\n<\/div>\n\n\n\n<div class=\"FullwidthContainingContained\">\n<div class=\"Info-Kreis-StoererContainer StoererBildUnten\" id=\"zwischenfrucht-stoerer\">\n<div class=\"Info-Kreis-Stoerer StoererBildUnten\">\n<div class=\"StoererStichpunkte white-font\">\n<h3>Stockage des substances nutritives<\/h3>\n<dl><dd>prot\u00e8ge des influences environnementales<\/dd><dd>conf\u00e8re plus d&rsquo;\u00e9nergie \u00e0 votre sol<\/dd><dd>r\u00e9siste m\u00eame \u00e0 l&rsquo;hiver<\/dd><dd>ameublit le sol<\/dd><\/dl>\n<\/div>\n<img decoding=\"async\" src=\"\/wp-content\/uploads\/2023\/02\/powerbank-earth_web.png\" alt=\"Banques de nutriments dont les c\u00e2bles passent dans le sol recouvert de mulch\"\/>\n<\/div>\n<\/div>\n<\/div>\n\n\n\n<div class=\"wp-block-columns textBoxContainer_containedInFullwidth is-layout-flex wp-container-core-columns-is-layout-9d6595d7 wp-block-columns-is-layout-flex\">\n<div class=\"wp-block-column textBox OutlineYellow white-font has-base-3-color has-text-color is-layout-flow wp-block-column-is-layout-flow\">\n<h3 class=\"wp-block-heading headline_noBorder has-base-3-color has-text-color\" id=\"erdeIntro\">Notions g\u00e9n\u00e9rales<\/h3>\n\n\n\n<hr class=\"wp-block-separator has-text-color has-accent-color has-alpha-channel-opacity has-accent-background-color has-background dividerShort\"\/>\n\n\n\n<p><strong>Cultures interm\u00e9diaires d&rsquo;\u00e9t\u00e9 et d&rsquo;hiver<\/strong><\/p>\n\n\n\n<p>Les cultures interm\u00e9diaires sont sem\u00e9es apr\u00e8s la r\u00e9colte de la culture principale. Il existe deux types d\u2019interculture&nbsp;: la culture interm\u00e9diaire d\u2019\u00e9t\u00e9 et la culture interm\u00e9diaire d\u2019hiver.<br>La principale p\u00e9riode de croissance des cultures interm\u00e9diaires d\u2019\u00e9t\u00e9 se situe \u00e0 la fin de l&rsquo;\u00e9t\u00e9 ou \u00e0 l&rsquo;automne.<br>Les cultures interm\u00e9diaires d\u2019hiver profitent de la p\u00e9riode de v\u00e9g\u00e9tation de 40 \u00e0 60&nbsp;jours environ avant l&rsquo;hiver et de 50 \u00e0 70&nbsp;jours environ \u00e0 la sortie de l&rsquo;hiver.<br>Celles-ci sont g\u00e9n\u00e9ralement r\u00e9colt\u00e9es aux mois de mai et avril. Le semis se fait entre la mi-ao\u00fbt et fin septembre.<br>Si les cultures interm\u00e9diaires d&rsquo;hiver sont sem\u00e9es d\u00e8s le d\u00e9but de l&rsquo;\u00e9t\u00e9 (juillet) sous forme de gramin\u00e9es, elles peuvent d\u00e9j\u00e0 \u00eatre r\u00e9colt\u00e9es \u00e0 l&rsquo;automne \u00e0 des fins d&rsquo;utilisation pr\u00e9alable. Ceci accro\u00eet consid\u00e9rablement la rentabilit\u00e9 de la culture.<\/p>\n<\/div>\n<\/div>\n<\/div>\n<\/div>\n\n\n\n<div class=\"wp-block-columns alignfull borderTop_thick FullwidthContainingContained is-layout-flex wp-container-core-columns-is-layout-9d6595d7 wp-block-columns-is-layout-flex\" id=\"erdreich\">\n<div class=\"wp-block-column white-font containedInFullwidth is-layout-flow wp-block-column-is-layout-flow\">\n<div style=\"height:40px\" aria-hidden=\"true\" class=\"wp-block-spacer\"><\/div>\n\n\n\n<h2 class=\"quoteHorizon white-font\"><span class=\"quoteLine1 quoteline-bold\">Fertilisation accrue<br\/><\/span><span class=\"quoteLine2 quoteline-light\">des terres agricoles<\/span><\/h2>\n\n\n\n<div style=\"height:20px\" aria-hidden=\"true\" class=\"wp-block-spacer\"><\/div>\n\n\n\n<p>Apr\u00e8s s\u00e9lection des composants, une culture interm\u00e9diaire peut s&rsquo;enraciner tr\u00e8s intens\u00e9ment dans le sol et l&rsquo;ameublir. La mati\u00e8re organique r\u00e9siduelle de la culture interm\u00e9diaire am\u00e9liore la fertilit\u00e9 du sol en fournissant un pr\u00e9cieux humus nutritif.<br>En outre, la fourniture de nutriments stimule l&rsquo;activit\u00e9 de la vie du sol.<br>Les effets suppl\u00e9mentaires d&rsquo;une culture interm\u00e9diaire sont la protection contre l&rsquo;\u00e9rosion par l&rsquo;eau et le vent, la suppression des mauvaises herbes et surtout la conservation des \u00e9l\u00e9ments nutritifs pour la culture principale suivante.<\/p>\n<\/div>\n<\/div>\n\n\n\n<div class=\"horizontal-scroll-icon\"><img decoding=\"async\" src=\"\/wp-content\/uploads\/2023\/02\/Muething_FullArrow_left_yellow.svg\"\/>graphique d\u00e9roulant<img decoding=\"async\" src=\"\/wp-content\/uploads\/2023\/02\/Muething_FullArrow_right_yellow.svg\"\/><\/div>\n\n\n\n<div class=\"wp-block-columns alignfull no_marginBottom is-layout-flex wp-container-core-columns-is-layout-9d6595d7 wp-block-columns-is-layout-flex\" id=\"vegetationsverlauf\">\n<div class=\"wp-block-column white-font is-layout-flow wp-block-column-is-layout-flow\" id=\"vegetationsverlauf-img-container\">\n<figure class=\"wp-block-image size-full verlauf-grafik no_marginBottom\"><img loading=\"lazy\" decoding=\"async\" width=\"1256\" height=\"911\" src=\"https:\/\/www.muething.com\/wp-content\/uploads\/2024\/07\/Vegetatiosverlauf-neu_fr.png\" alt=\"\" class=\"wp-image-11733\" srcset=\"https:\/\/www.muething.com\/wp-content\/uploads\/2024\/07\/Vegetatiosverlauf-neu_fr.png 1256w, https:\/\/www.muething.com\/wp-content\/uploads\/2024\/07\/Vegetatiosverlauf-neu_fr-300x218.png 300w, https:\/\/www.muething.com\/wp-content\/uploads\/2024\/07\/Vegetatiosverlauf-neu_fr-1024x743.png 1024w, https:\/\/www.muething.com\/wp-content\/uploads\/2024\/07\/Vegetatiosverlauf-neu_fr-768x557.png 768w\" sizes=\"auto, (max-width: 1256px) 100vw, 1256px\" \/><\/figure>\n<\/div>\n<\/div>\n\n\n\n<div class=\"wp-block-columns alignfull FullwidthContainingContained borderTop_thick no_marginBottom has-base-3-background-color has-background is-layout-flex wp-container-core-columns-is-layout-9d6595d7 wp-block-columns-is-layout-flex\" id=\"mulchen\">\n<div class=\"wp-block-column containedInFullwidth is-layout-flow wp-block-column-is-layout-flow\">\n<div style=\"height:40px\" aria-hidden=\"true\" class=\"wp-block-spacer\"><\/div>\n\n\n\n<div class=\"wp-block-columns is-layout-flex wp-container-core-columns-is-layout-9d6595d7 wp-block-columns-is-layout-flex\">\n<div class=\"wp-block-column is-vertically-aligned-center is-layout-flow wp-block-column-is-layout-flow\" style=\"flex-basis:100%\">\n<div class=\"wp-block-columns headline-container is-layout-flex wp-container-core-columns-is-layout-9d6595d7 wp-block-columns-is-layout-flex\">\n<div class=\"wp-block-column is-layout-flow wp-block-column-is-layout-flow\">\n<p><strong>Il y a mulching et mulching<\/strong><\/p>\n\n\n\n<p>Le mulching est essentiel \u00e0 la formation de l&rsquo;humus. Comme les vers de terre n&rsquo;ont pas de dents, les mati\u00e8res doivent \u00eatre pr\u00e9alablement broy\u00e9es pour qu&rsquo;ils puissent les ing\u00e9rer. Gr\u00e2ce \u00e0 la contre-lame ajustable et \u00e0 la possibilit\u00e9 de r\u00e9gler le degr\u00e9 de d\u00e9chiquetage, le syst\u00e8me M\u00fcthing Vario peut d\u00e9chiqueter les r\u00e9sidus de r\u00e9colte de mani\u00e8re optimale pour les vers de terre.<\/p>\n<\/div>\n<\/div>\n<\/div>\n<\/div>\n<\/div>\n<\/div>\n\n\n\n<div class=\"wp-block-columns alignfull FullwidthContainingContained is-layout-flex wp-container-core-columns-is-layout-9d6595d7 wp-block-columns-is-layout-flex\" id=\"mulchenstattackern\">\n<div class=\"wp-block-column containedInFullwidth is-layout-flow wp-block-column-is-layout-flow\">\n<div style=\"height:40px\" aria-hidden=\"true\" class=\"wp-block-spacer\"><\/div>\n\n\n\n<div class=\"quoteHorizon white-font\"><div class=\"quoteLine1\">\u00ab\u00a0Semer et broyer en une seule op\u00e9ration. <\/div><div class=\"quoteLine2 h2-size uppercase bold-font\">La devise pour la prochaine saison s\u00e8che\u00a0: <br\/>le mulching plut\u00f4t que le labour\u00a0\u00bb<\/div><\/div>\n\n\n\n<div style=\"height:90vh\" aria-hidden=\"true\" class=\"wp-block-spacer\"><\/div>\n<\/div>\n<\/div>\n\n\n\n<div class=\"wp-block-columns alignfull is-layout-flex wp-container-core-columns-is-layout-9d6595d7 wp-block-columns-is-layout-flex\" id=\"naehrstoffspeicher\">\n<div class=\"wp-block-column is-layout-flow wp-block-column-is-layout-flow\" style=\"flex-basis:33.33%\">\n<figure class=\"wp-block-image size-full\"><img loading=\"lazy\" decoding=\"async\" width=\"400\" height=\"538\" src=\"https:\/\/www.muething.com\/wp-content\/uploads\/2023\/02\/Zwischenfrucht_Hand.png\" alt=\"\" class=\"wp-image-3391\" srcset=\"https:\/\/www.muething.com\/wp-content\/uploads\/2023\/02\/Zwischenfrucht_Hand.png 400w, https:\/\/www.muething.com\/wp-content\/uploads\/2023\/02\/Zwischenfrucht_Hand-223x300.png 223w\" sizes=\"auto, (max-width: 400px) 100vw, 400px\" \/><\/figure>\n<\/div>\n\n\n\n<div class=\"wp-block-column white-font naehrstoffspeicher-text is-layout-flow wp-block-column-is-layout-flow\">\n<h3 class=\"wp-block-heading\">Culture interm\u00e9diaire \u2013 Un r\u00e9servoir de nutriments<\/h3>\n\n\n\n<ul class=\"wp-block-list\">\n<li>conserver les nutriments r\u00e9siduels apr\u00e8s la r\u00e9colte<\/li>\n\n\n\n<li>les mettre \u00e0 la disposition de la culture principale<\/li>\n\n\n\n<li>pr\u00e9server une bonne structure de sol<\/li>\n<\/ul>\n\n\n\n<div class=\"wp-block-buttons is-layout-flex wp-block-buttons-is-layout-flex\">\n<div class=\"wp-block-button is-style-fill arrow-button\"><a class=\"wp-block-button__link has-contrast-color has-accent-background-color has-text-color has-background wp-element-button\" href=\"https:\/\/www.muething.com\/fr\/mu-coverseeder-vario-280\/\" style=\"border-radius:0px\">Plus d&rsquo;informations sur le CoverSeeder<\/a><\/div>\n<\/div>\n<\/div>\n<\/div>\n\n\n\n<div class=\"wp-block-columns alignfull no_marginBottom borderTop_thick is-layout-flex wp-container-core-columns-is-layout-9d6595d7 wp-block-columns-is-layout-flex\" id=\"agritechnica\">\n<div class=\"wp-block-column is-layout-flow wp-block-column-is-layout-flow\">\n<figure class=\"wp-block-image size-full\"><img loading=\"lazy\" decoding=\"async\" width=\"2560\" height=\"1709\" src=\"https:\/\/www.muething.com\/wp-content\/uploads\/2023\/11\/innovation-award-scaled.jpg\" alt=\"\" class=\"wp-image-7408\" style=\"object-fit:cover\" srcset=\"https:\/\/www.muething.com\/wp-content\/uploads\/2023\/11\/innovation-award-scaled.jpg 2560w, https:\/\/www.muething.com\/wp-content\/uploads\/2023\/11\/innovation-award-300x200.jpg 300w, https:\/\/www.muething.com\/wp-content\/uploads\/2023\/11\/innovation-award-1024x684.jpg 1024w, https:\/\/www.muething.com\/wp-content\/uploads\/2023\/11\/innovation-award-768x513.jpg 768w, https:\/\/www.muething.com\/wp-content\/uploads\/2023\/11\/innovation-award-391x260.jpg 391w, https:\/\/www.muething.com\/wp-content\/uploads\/2023\/11\/innovation-award-1536x1026.jpg 1536w, https:\/\/www.muething.com\/wp-content\/uploads\/2023\/11\/innovation-award-2048x1367.jpg 2048w\" sizes=\"auto, (max-width: 2560px) 100vw, 2560px\" \/><\/figure>\n<\/div>\n<\/div>\n","protected":false},"excerpt":{"rendered":"<p>\u00ab\u00a0Apport de mati\u00e8res organiques naturelles gr\u00e2ce \u00e0 la culture interm\u00e9diaireen tant que banque de nutriments\u00a0\u00bb Stockage des substances nutritives prot\u00e8ge des influences environnementales conf\u00e8re plus d&rsquo;\u00e9nergie \u00e0 votre sol r\u00e9siste m\u00eame \u00e0 l&rsquo;hiver ameublit le sol Notions g\u00e9n\u00e9rales Cultures interm\u00e9diaires d&rsquo;\u00e9t\u00e9 et d&rsquo;hiver Les cultures interm\u00e9diaires sont sem\u00e9es apr\u00e8s la r\u00e9colte de la culture principale. &#8230; <\/p>\n<p class=\"read-more-container\"><a title=\"Culture interm\u00e9diaire\" class=\"read-more button\" href=\"https:\/\/www.muething.com\/fr\/a-savoir\/culture-intermediaire\/#more-10655\" aria-label=\"En savoir plus sur Culture interm\u00e9diaire\">Mehr erfahren<\/a><\/p>\n","protected":false},"author":1,"featured_media":0,"parent":10576,"menu_order":0,"comment_status":"closed","ping_status":"closed","template":"","meta":{"inline_featured_image":false,"footnotes":""},"class_list":{"0":"post-10655","1":"page","2":"type-page","3":"status-publish","5":"infinite-scroll-item"},"aioseo_notices":[],"_links":{"self":[{"href":"https:\/\/www.muething.com\/fr\/wp-json\/wp\/v2\/pages\/10655","targetHints":{"allow":["GET"]}}],"collection":[{"href":"https:\/\/www.muething.com\/fr\/wp-json\/wp\/v2\/pages"}],"about":[{"href":"https:\/\/www.muething.com\/fr\/wp-json\/wp\/v2\/types\/page"}],"author":[{"embeddable":true,"href":"https:\/\/www.muething.com\/fr\/wp-json\/wp\/v2\/users\/1"}],"replies":[{"embeddable":true,"href":"https:\/\/www.muething.com\/fr\/wp-json\/wp\/v2\/comments?post=10655"}],"version-history":[{"count":6,"href":"https:\/\/www.muething.com\/fr\/wp-json\/wp\/v2\/pages\/10655\/revisions"}],"predecessor-version":[{"id":11735,"href":"https:\/\/www.muething.com\/fr\/wp-json\/wp\/v2\/pages\/10655\/revisions\/11735"}],"up":[{"embeddable":true,"href":"https:\/\/www.muething.com\/fr\/wp-json\/wp\/v2\/pages\/10576"}],"wp:attachment":[{"href":"https:\/\/www.muething.com\/fr\/wp-json\/wp\/v2\/media?parent=10655"}],"curies":[{"name":"wp","href":"https:\/\/api.w.org\/{rel}","templated":true}]}}