{"id":10646,"date":"2023-01-30T11:57:20","date_gmt":"2023-01-30T11:57:20","guid":{"rendered":"https:\/\/www.muething.com\/a-savoir\/pyrale-du-mais\/"},"modified":"2024-07-10T13:19:18","modified_gmt":"2024-07-10T13:19:18","slug":"pyrale-du-mais","status":"publish","type":"page","link":"https:\/\/www.muething.com\/fr\/a-savoir\/pyrale-du-mais\/","title":{"rendered":"Pyrale du ma\u00efs"},"content":{"rendered":"\n<div style=\"height:220px\" aria-hidden=\"true\" class=\"wp-block-spacer wissenswertes_abstandOben\"><\/div>\n\n\n\n<div class=\"wp-block-columns alignfull home_wissensSektion no_marginBottom has-contrast-background-color has-background is-layout-flex wp-container-core-columns-is-layout-9d6595d7 wp-block-columns-is-layout-flex\" id=\"wissenswertes_maiszuensler\">\n<div class=\"wp-block-column is-layout-flow wp-block-column-is-layout-flow\">\n<div class=\"wp-block-columns alignfull vollbild-HG is-layout-flex wp-container-core-columns-is-layout-9d6595d7 wp-block-columns-is-layout-flex\">\n<div class=\"wp-block-column backgroundGradient_darken is-layout-flow wp-block-column-is-layout-flow\">\n<div class=\"wp-block-columns layoutZweispaltig_containedInFullwidth is-layout-flex wp-container-core-columns-is-layout-9d6595d7 wp-block-columns-is-layout-flex\">\n<div class=\"wp-block-column is-layout-flow wp-block-column-is-layout-flow\" style=\"flex-basis:60%\">\n<h1 class=\"quoteHorizon white-font\"><span class=\"quoteLine1 quoteline-light\">\u00ab\u00a0N&rsquo;offrez tout simplement pas <br\/><\/span><span class=\"quoteLine2 quoteline-bold\">de quartier d&rsquo;hiver \u00e0 ce ravageur\u00a0!\u00a0\u00bb<\/span><\/h1>\n<\/div>\n\n\n\n<div class=\"wp-block-column themen-ueberblick_container is-layout-flow wp-block-column-is-layout-flow\">\n<div class=\"wp-block-columns headline-container is-layout-flex wp-container-core-columns-is-layout-9d6595d7 wp-block-columns-is-layout-flex\">\n<div class=\"wp-block-column is-layout-flow wp-block-column-is-layout-flow\">\n<div class=\"white-font accordion-trigger\"><h3>Th\u00e8mes<\/h3><\/div>\n\n\n\n<div class=\"themenUeberblick\">\n<a href=\"#erdeIntro\" class=\"white-arrow-link\">Notions g\u00e9n\u00e9rales<\/a><br\/>\n<a href=\"#aufwanderschaft\" class=\"white-arrow-link\">La migration de la pyrale du ma\u00efs<\/a><br\/>\n<a href=\"#lebenszyklus\" class=\"white-arrow-link\">Cycle de vie<\/a><br\/>\n<a href=\"#duo\" class=\"white-arrow-link\">Un duo diabolique<\/a><br\/>\n<a href=\"#stoppen\" class=\"white-arrow-link\">Mais on peut l&rsquo;arr\u00eater\u00a0!<\/a>\n<\/div>\n<\/div>\n<\/div>\n<\/div>\n<\/div>\n<\/div>\n<\/div>\n\n\n\n<div class=\"FullwidthContainingContained StoererBildOben-container\">\n<div class=\"Info-Kreis-StoererContainer StoererBildOben\" id=\"maiszuensler-stoerer\">\n<div class=\"Info-Kreis-Stoerer StoererBildOben\">\n<img decoding=\"async\" src=\"\/wp-content\/uploads\/2023\/01\/shutterstock_657122716_web.png\" alt=\"Un morceau de terre en suspension\"\/>\n\n<div class=\"StoererStichpunkte white-font\">\n<div class=\"StoererStichpunkte-content\">\n<h3>Ostrinie Nubilalis \u2013 Pyrale du ma\u00efs<\/h3>\n<dl><dd>V\u00e9ritable fl\u00e9au<\/dd><dd>Appr\u00e9cie les chaumes de ma\u00efs<\/dd><dd>Alli\u00e9 des champignons de genre Fusarium<\/dd><\/dl>\n<\/div>\n<\/div>\n<\/div>\n<\/div>\n<\/div>\n\n\n\n<div class=\"wp-block-columns textBoxContainer_containedInFullwidth is-layout-flex wp-container-core-columns-is-layout-9d6595d7 wp-block-columns-is-layout-flex\">\n<div class=\"wp-block-column textBox OutlineYellow white-font has-base-3-color has-text-color is-layout-flow wp-block-column-is-layout-flow\">\n<h3 class=\"wp-block-heading headline_noBorder has-base-3-color has-text-color\" id=\"erdeIntro\">Notions g\u00e9n\u00e9rales<\/h3>\n\n\n\n<hr class=\"wp-block-separator has-text-color has-accent-color has-alpha-channel-opacity has-accent-background-color has-background dividerShort\"\/>\n\n\n\n<p>La pyrale du ma\u00efs est un petit papillon nocturne, principal ravageur de la culture du ma\u00efs du point de vue \u00e9conomique. Elle raffole en effet surtout des plants de ma\u00efs dans les champs de ma\u00efs qui constitue pour elle un habitat id\u00e9al et confortable. Une fois install\u00e9e dans le plant de ma\u00efs, elle s&rsquo;y nourrit avec d\u00e9lectation jusqu&rsquo;\u00e0 la moelle de la tige.<br><br><strong>La cons\u00e9quence&nbsp;:<\/strong> Pertes de rendement et de qualit\u00e9 dues \u00e0 des plantes affaiblies, qui se plient, et \u00e0 des attaques fongiques cons\u00e9cutives aux dommages caus\u00e9s aux plantes.<\/p>\n<\/div>\n<\/div>\n<\/div>\n<\/div>\n\n\n\n<div class=\"wp-block-columns are-vertically-aligned-center is-layout-flex wp-container-core-columns-is-layout-9d6595d7 wp-block-columns-is-layout-flex\" id=\"aufwanderschaft\">\n<div class=\"wp-block-column is-vertically-aligned-center white-font is-layout-flow wp-block-column-is-layout-flow\">\n<h3 class=\"wp-block-heading\">La migration de la pyrale du ma\u00efs<\/h3>\n\n\n\n<p>Au d\u00e9but, le probl\u00e8me caus\u00e9 par la pyrale du ma\u00efs concernait seulement le sud de l&rsquo;Allemagne. Avec l&rsquo;intensification de la culture du ma\u00efs dans le centre et le nord de l&rsquo;Allemagne, la \u00ab&nbsp;ligne des dommages&nbsp;\u00bb imaginaire qu&rsquo;elle occasionne se d\u00e9place toujours plus vers le nord. Elle peut d\u00e9sormais devenir une pr\u00e9occupation majeure pour les agriculteurs de toute l&rsquo;Allemagne.<\/p>\n<\/div>\n\n\n\n<div class=\"wp-block-column is-vertically-aligned-center is-layout-flow wp-block-column-is-layout-flow\">\n<figure class=\"wp-block-image size-large\"><img decoding=\"async\" src=\"https:\/\/www.muething.com\/wp-content\/uploads\/2023\/01\/Maiszuensler_Deutschlandkarte-02.svg\" alt=\"Pyrale du ma\u00efs \u2013 Carte d'Allemagne\" class=\"wp-image-3151\"\/><\/figure>\n<\/div>\n<\/div>\n\n\n\n<div class=\"wp-block-columns alignfull FullwidthContainingContained no_marginBottom has-contrast-2-background-color has-background is-layout-flex wp-container-core-columns-is-layout-9d6595d7 wp-block-columns-is-layout-flex\" id=\"lebenszyklus\">\n<div class=\"wp-block-column containedInFullwidth is-layout-flow wp-block-column-is-layout-flow\">\n<div style=\"height:40px\" aria-hidden=\"true\" class=\"wp-block-spacer\"><\/div>\n\n\n\n<h3 class=\"wp-block-heading white-font\">Cycle de vie de la pyrale du ma\u00efs<\/h3>\n\n\n\n<figure class=\"wp-block-image size-full\"><img loading=\"lazy\" decoding=\"async\" width=\"1953\" height=\"2048\" src=\"https:\/\/www.muething.com\/wp-content\/uploads\/2024\/07\/Maiszuensler_Kreislauf_franzoesisch.png\" alt=\"\" class=\"wp-image-11547\" srcset=\"https:\/\/www.muething.com\/wp-content\/uploads\/2024\/07\/Maiszuensler_Kreislauf_franzoesisch.png 1953w, https:\/\/www.muething.com\/wp-content\/uploads\/2024\/07\/Maiszuensler_Kreislauf_franzoesisch-286x300.png 286w, https:\/\/www.muething.com\/wp-content\/uploads\/2024\/07\/Maiszuensler_Kreislauf_franzoesisch-977x1024.png 977w, https:\/\/www.muething.com\/wp-content\/uploads\/2024\/07\/Maiszuensler_Kreislauf_franzoesisch-768x805.png 768w, https:\/\/www.muething.com\/wp-content\/uploads\/2024\/07\/Maiszuensler_Kreislauf_franzoesisch-1465x1536.png 1465w\" sizes=\"auto, (max-width: 1953px) 100vw, 1953px\" \/><\/figure>\n\n\n\n<div style=\"height:40px\" aria-hidden=\"true\" class=\"wp-block-spacer\"><\/div>\n<\/div>\n<\/div>\n\n\n\n<div class=\"wp-block-columns alignfull no_marginBottom has-base-3-background-color has-background is-layout-flex wp-container-core-columns-is-layout-9d6595d7 wp-block-columns-is-layout-flex\" id=\"duo\">\n<div class=\"wp-block-column is-layout-flow wp-block-column-is-layout-flow\">\n<div style=\"height:40px\" aria-hidden=\"true\" class=\"wp-block-spacer\"><\/div>\n\n\n\n<figure class=\"wp-block-image size-full is-resized\"><img loading=\"lazy\" decoding=\"async\" width=\"953\" height=\"383\" src=\"https:\/\/www.muething.com\/wp-content\/uploads\/2023\/01\/Maiszuensler-Duo.png\" alt=\"\" class=\"wp-image-3150\" srcset=\"https:\/\/www.muething.com\/wp-content\/uploads\/2023\/01\/Maiszuensler-Duo.png 953w, https:\/\/www.muething.com\/wp-content\/uploads\/2023\/01\/Maiszuensler-Duo-300x121.png 300w, https:\/\/www.muething.com\/wp-content\/uploads\/2023\/01\/Maiszuensler-Duo-768x309.png 768w\" sizes=\"auto, (max-width: 953px) 100vw, 953px\" \/><\/figure>\n<\/div>\n<\/div>\n\n\n\n<div class=\"wp-block-columns alignfull FullwidthContainingContained no_marginBottom has-base-3-background-color has-background is-layout-flex wp-container-core-columns-is-layout-9d6595d7 wp-block-columns-is-layout-flex\">\n<div class=\"wp-block-column containedInFullwidth is-layout-flow wp-block-column-is-layout-flow\">\n<div style=\"height:40px\" aria-hidden=\"true\" class=\"wp-block-spacer\"><\/div>\n\n\n\n<div class=\"wp-block-columns is-layout-flex wp-container-core-columns-is-layout-9d6595d7 wp-block-columns-is-layout-flex\">\n<div class=\"wp-block-column is-vertically-aligned-center is-layout-flow wp-block-column-is-layout-flow\" style=\"flex-basis:100%\">\n<div class=\"wp-block-columns headline-container is-layout-flex wp-container-core-columns-is-layout-9d6595d7 wp-block-columns-is-layout-flex\">\n<div class=\"wp-block-column is-layout-flow wp-block-column-is-layout-flow\">\n<h2 class=\"wp-block-heading\">UN DUO DIABOLIQUE&nbsp;: PYRALE DU MA\u00cfS ET CHAMPIGNON FUSARIEN<\/h2>\n\n\n\n<p>Des champignons du genre Fusarium se nichent volontiers dans les traces de rongement laiss\u00e9es par la pyrale du ma\u00efs. Les agents pathog\u00e8nes p\u00e9n\u00e8trent alors \u00e0 l&rsquo;int\u00e9rieur de la plante de ma\u00efs et s&rsquo;y propagent. Ils trouvent des conditions id\u00e9ales dans la tige de ma\u00efs et y produisent des toxines fongiques appel\u00e9es mycotoxines. Ces toxines fongiques entra\u00eenent une nette perte de qualit\u00e9 et ont des effets n\u00e9fastes sur la sant\u00e9 des animaux.<\/p>\n<\/div>\n<\/div>\n<\/div>\n<\/div>\n<\/div>\n<\/div>\n\n\n\n<div class=\"wp-block-columns alignfull no_marginBottom is-layout-flex wp-container-core-columns-is-layout-9d6595d7 wp-block-columns-is-layout-flex\" id=\"maiszuenslerbefall\">\n<div class=\"wp-block-column is-layout-flow wp-block-column-is-layout-flow\">\n<div style=\"height:44vh\" aria-hidden=\"true\" class=\"wp-block-spacer\"><\/div>\n<\/div>\n<\/div>\n\n\n\n<div class=\"wp-block-columns alignfull FullwidthContainingContained no_marginBottom has-contrast-2-background-color has-background is-layout-flex wp-container-core-columns-is-layout-9d6595d7 wp-block-columns-is-layout-flex\" id=\"maiszuenslerbefall-content\">\n<div class=\"wp-block-column containedInFullwidth narrow-box has-contrast-color has-accent-background-color has-text-color has-background is-layout-flow wp-block-column-is-layout-flow\">\n<h3 class=\"wp-block-heading has-contrast-color has-text-color\">3 signes d&rsquo;attaque de pyrale du ma\u00efs&nbsp;:<\/h3>\n\n\n\n<ol class=\"wp-block-list\">\n<li>Les rafles et les plants de ma\u00efs sont pli\u00e9s ou cass\u00e9s<\/li>\n\n\n\n<li>Pr\u00e9sence de petits trous et de poussi\u00e8re de per\u00e7age au niveau des entren\u0153uds de la tige<\/li>\n\n\n\n<li>Pr\u00e9sence de trous et de galeries d&rsquo;alimentation dans et autour de l&rsquo;\u00e9pi<\/li>\n<\/ol>\n<\/div>\n<\/div>\n\n\n\n<div class=\"wp-block-columns alignfull FullwidthContainingContained no_marginBottom borderTop_thick has-base-3-background-color has-background is-layout-flex wp-container-core-columns-is-layout-9d6595d7 wp-block-columns-is-layout-flex\" id=\"stoppen\">\n<div class=\"wp-block-column containedInFullwidth is-layout-flow wp-block-column-is-layout-flow\">\n<div style=\"height:40px\" aria-hidden=\"true\" class=\"wp-block-spacer\"><\/div>\n\n\n\n<div class=\"wp-block-columns is-layout-flex wp-container-core-columns-is-layout-9d6595d7 wp-block-columns-is-layout-flex\">\n<div class=\"wp-block-column is-vertically-aligned-center is-layout-flow wp-block-column-is-layout-flow\" style=\"flex-basis:100%\">\n<div class=\"wp-block-columns headline-container is-layout-flex wp-container-core-columns-is-layout-9d6595d7 wp-block-columns-is-layout-flex\">\n<div class=\"wp-block-column is-layout-flow wp-block-column-is-layout-flow\">\n<h2 class=\"wp-block-heading\">MAIS ON PEUT L&rsquo;ARR\u00caTER&nbsp;!<\/h2>\n\n\n\n<p><strong>Gr\u00e2ce au mulching, car le mulching d\u00e9truit les chaumes de ma\u00efs laiss\u00e9s sur pied et ainsi \u00e9galement l&rsquo;habitat de la pyrale du ma\u00efs.<\/strong><\/p>\n\n\n\n<p>Les tiges rest\u00e9es dans les champs sont broy\u00e9es et d\u00e9fibr\u00e9es. Ceci supprime efficacement la protection des larves de la pyrale du ma\u00efs qui n&rsquo;a alors plus la possibilit\u00e9 d&rsquo;hiberner. Cela pr\u00e9sente deux avantages&nbsp;: La population de pyrales du ma\u00efs est durablement atteinte et la saison suivante, il y aura moins de d\u00e9g\u00e2ts dus \u00e0 la pyrale et aux fusarioses.<br>Par cons\u00e9quent&nbsp;: Le mulching r\u00e9duit les d\u00e9g\u00e2ts n\u00e9fastes caus\u00e9s par la pyrale du ma\u00efs et le champignon fusarien, la culture suivante peut se d\u00e9velopper normalement.<\/p>\n<\/div>\n<\/div>\n<\/div>\n<\/div>\n<\/div>\n<\/div>\n","protected":false},"excerpt":{"rendered":"<p>\u00ab\u00a0N&rsquo;offrez tout simplement pas de quartier d&rsquo;hiver \u00e0 ce ravageur\u00a0!\u00a0\u00bb Th\u00e8mes Notions g\u00e9n\u00e9rales La migration de la pyrale du ma\u00efs Cycle de vie Un duo diabolique Mais on peut l&rsquo;arr\u00eater\u00a0! Ostrinie Nubilalis \u2013 Pyrale du ma\u00efs V\u00e9ritable fl\u00e9au Appr\u00e9cie les chaumes de ma\u00efs Alli\u00e9 des champignons de genre Fusarium Notions g\u00e9n\u00e9rales La pyrale du ma\u00efs &#8230; <\/p>\n<p class=\"read-more-container\"><a title=\"Pyrale du ma\u00efs\" class=\"read-more button\" href=\"https:\/\/www.muething.com\/fr\/a-savoir\/pyrale-du-mais\/#more-10646\" aria-label=\"En savoir plus sur Pyrale du ma\u00efs\">Mehr erfahren<\/a><\/p>\n","protected":false},"author":1,"featured_media":0,"parent":10576,"menu_order":0,"comment_status":"closed","ping_status":"closed","template":"","meta":{"inline_featured_image":false,"footnotes":""},"class_list":{"0":"post-10646","1":"page","2":"type-page","3":"status-publish","5":"infinite-scroll-item"},"aioseo_notices":[],"_links":{"self":[{"href":"https:\/\/www.muething.com\/fr\/wp-json\/wp\/v2\/pages\/10646","targetHints":{"allow":["GET"]}}],"collection":[{"href":"https:\/\/www.muething.com\/fr\/wp-json\/wp\/v2\/pages"}],"about":[{"href":"https:\/\/www.muething.com\/fr\/wp-json\/wp\/v2\/types\/page"}],"author":[{"embeddable":true,"href":"https:\/\/www.muething.com\/fr\/wp-json\/wp\/v2\/users\/1"}],"replies":[{"embeddable":true,"href":"https:\/\/www.muething.com\/fr\/wp-json\/wp\/v2\/comments?post=10646"}],"version-history":[{"count":2,"href":"https:\/\/www.muething.com\/fr\/wp-json\/wp\/v2\/pages\/10646\/revisions"}],"predecessor-version":[{"id":11549,"href":"https:\/\/www.muething.com\/fr\/wp-json\/wp\/v2\/pages\/10646\/revisions\/11549"}],"up":[{"embeddable":true,"href":"https:\/\/www.muething.com\/fr\/wp-json\/wp\/v2\/pages\/10576"}],"wp:attachment":[{"href":"https:\/\/www.muething.com\/fr\/wp-json\/wp\/v2\/media?parent=10646"}],"curies":[{"name":"wp","href":"https:\/\/api.w.org\/{rel}","templated":true}]}}